{"id":5123,"date":"2021-09-03T11:27:24","date_gmt":"2021-09-03T11:27:24","guid":{"rendered":"https:\/\/relaunch.meplan.com\/markenauftritt\/designstaende\/referenz-zdk\/"},"modified":"2021-10-28T16:16:54","modified_gmt":"2021-10-28T16:16:54","slug":"referenz-zdk","status":"publish","type":"page","link":"https:\/\/www.meplan.com\/en\/markenauftritt\/designstaende\/referenz-zdk\/","title":{"rendered":"Referenz ZDK"},"content":{"rendered":"<div class=\"g-container\"><div class=\"breadcrumbs align  wp-block-bcn-breadcrumb-trail has-text-color has-background\" vocab=\"https:\/\/schema.org\/\" typeof=\"BreadcrumbList\">\n\t<span><\/span>\n\t<span property=\"itemListElement\" typeof=\"ListItem\"><a property=\"item\" typeof=\"WebPage\" title=\"Go to MEPLAN.\" href=\"https:\/\/www.meplan.com\/en\/\" class=\"home\" ><span property=\"name\">Home<\/span><\/a><meta property=\"position\" content=\"1\"><\/span> &gt; <span property=\"itemListElement\" typeof=\"ListItem\"><a property=\"item\" typeof=\"WebPage\" title=\"Go to Cookie-Richtlinie.\" href=\"https:\/\/www.meplan.com\/en\/cookie-richtlinie\/\" class=\"post-root post post-post\" aria-current=\"page\"><span property=\"name\">Cookie-Richtlinie<\/span><\/a><meta property=\"position\" content=\"2\"><\/span><\/div>\n<\/div>\n\n\n\n<div  class=\"hero_banner\">\n    <div class=\"container container--sm\">\n                    <div class=\"hero_banner__header\">\n                                    <div class=\"hero_banner__panel\">\n                                                    <span class=\"hero_banner__customer\">ZDK<\/span>\n                                                                            <span class=\"hero_banner__event\">Automechanika<\/span>\n                                            <\/div>\n                                                    <h2><span style=\"background-color: #B9E457; box-shadow: 0.1em 0 0 #B9E457, -0.1em 0 0 #B9E457;\">Imposante Einblicke<\/span><\/h2>\n                            <\/div>\n            <\/div>\n    <div class=\"container\">\n                \n<div style=\"display: none;\">\n\t5123<\/div>\n\t        \n            <div class=\"hero_slider swiper-container\" data-id=\"block_6103a252b9698\">\n\t\t\t            \n\t            <div class=\"swiper-button-prev\"><\/div>\n                <div class=\"swiper-wrapper\">\n                                            <div class=\"swiper-slide\">\n                            <div class=\"hero_slider__visual\">\n                                <img loading=\"lazy\" decoding=\"async\" width=\"1440\" height=\"840\" src=\"https:\/\/www.meplan.com\/wp-content\/uploads\/2021\/09\/006-Kopie-neu-1440x840.jpg\" class=\"attachment-thumbnail_1440x840 size-thumbnail_1440x840\" alt=\"ZDK Design\" srcset=\"https:\/\/www.meplan.com\/wp-content\/uploads\/2021\/09\/006-Kopie-neu.jpg 1440w, https:\/\/www.meplan.com\/wp-content\/uploads\/2021\/09\/006-Kopie-neu-300x175.jpg 300w, https:\/\/www.meplan.com\/wp-content\/uploads\/2021\/09\/006-Kopie-neu-1024x597.jpg 1024w, https:\/\/www.meplan.com\/wp-content\/uploads\/2021\/09\/006-Kopie-neu-768x448.jpg 768w\" sizes=\"auto, (max-width: 1440px) 100vw, 1440px\" \/>                            <\/div>\n                        <\/div>\n                                            <div class=\"swiper-slide\">\n                            <div class=\"hero_slider__visual\">\n                                <img loading=\"lazy\" decoding=\"async\" width=\"1440\" height=\"840\" src=\"https:\/\/www.meplan.com\/wp-content\/uploads\/2021\/09\/017-Kopie-neu-1440x840.jpg\" class=\"attachment-thumbnail_1440x840 size-thumbnail_1440x840\" alt=\"ZDK Design Innenansicht\" srcset=\"https:\/\/www.meplan.com\/wp-content\/uploads\/2021\/09\/017-Kopie-neu.jpg 1440w, https:\/\/www.meplan.com\/wp-content\/uploads\/2021\/09\/017-Kopie-neu-300x175.jpg 300w, https:\/\/www.meplan.com\/wp-content\/uploads\/2021\/09\/017-Kopie-neu-1024x597.jpg 1024w, https:\/\/www.meplan.com\/wp-content\/uploads\/2021\/09\/017-Kopie-neu-768x448.jpg 768w\" sizes=\"auto, (max-width: 1440px) 100vw, 1440px\" \/>                            <\/div>\n                        <\/div>\n                                            <div class=\"swiper-slide\">\n                            <div class=\"hero_slider__visual\">\n                                <img loading=\"lazy\" decoding=\"async\" width=\"1440\" height=\"840\" src=\"https:\/\/www.meplan.com\/wp-content\/uploads\/2021\/09\/020-Kopie-neu-1440x840.jpg\" class=\"attachment-thumbnail_1440x840 size-thumbnail_1440x840\" alt=\"ZDK Design Innenansicht\" srcset=\"https:\/\/www.meplan.com\/wp-content\/uploads\/2021\/09\/020-Kopie-neu.jpg 1440w, https:\/\/www.meplan.com\/wp-content\/uploads\/2021\/09\/020-Kopie-neu-300x175.jpg 300w, https:\/\/www.meplan.com\/wp-content\/uploads\/2021\/09\/020-Kopie-neu-1024x597.jpg 1024w, https:\/\/www.meplan.com\/wp-content\/uploads\/2021\/09\/020-Kopie-neu-768x448.jpg 768w\" sizes=\"auto, (max-width: 1440px) 100vw, 1440px\" \/>                            <\/div>\n                        <\/div>\n                                            <div class=\"swiper-slide\">\n                            <div class=\"hero_slider__visual\">\n                                <img loading=\"lazy\" decoding=\"async\" width=\"1440\" height=\"840\" src=\"https:\/\/www.meplan.com\/wp-content\/uploads\/2021\/09\/023-Kopie-neu-1440x840.jpg\" class=\"attachment-thumbnail_1440x840 size-thumbnail_1440x840\" alt=\"ZDK Design Au\u00dfenfassade\" srcset=\"https:\/\/www.meplan.com\/wp-content\/uploads\/2021\/09\/023-Kopie-neu.jpg 1440w, https:\/\/www.meplan.com\/wp-content\/uploads\/2021\/09\/023-Kopie-neu-300x175.jpg 300w, https:\/\/www.meplan.com\/wp-content\/uploads\/2021\/09\/023-Kopie-neu-1024x597.jpg 1024w, https:\/\/www.meplan.com\/wp-content\/uploads\/2021\/09\/023-Kopie-neu-768x448.jpg 768w\" sizes=\"auto, (max-width: 1440px) 100vw, 1440px\" \/>                            <\/div>\n                        <\/div>\n                                            <div class=\"swiper-slide\">\n                            <div class=\"hero_slider__visual\">\n                                <img loading=\"lazy\" decoding=\"async\" width=\"1440\" height=\"840\" src=\"https:\/\/www.meplan.com\/wp-content\/uploads\/2021\/09\/026-Kopie-neu-1440x840.jpg\" class=\"attachment-thumbnail_1440x840 size-thumbnail_1440x840\" alt=\"ZDK Design Au\u00dfenfassade\" srcset=\"https:\/\/www.meplan.com\/wp-content\/uploads\/2021\/09\/026-Kopie-neu.jpg 1440w, https:\/\/www.meplan.com\/wp-content\/uploads\/2021\/09\/026-Kopie-neu-300x175.jpg 300w, https:\/\/www.meplan.com\/wp-content\/uploads\/2021\/09\/026-Kopie-neu-1024x597.jpg 1024w, https:\/\/www.meplan.com\/wp-content\/uploads\/2021\/09\/026-Kopie-neu-768x448.jpg 768w\" sizes=\"auto, (max-width: 1440px) 100vw, 1440px\" \/>                            <\/div>\n                        <\/div>\n                                            <div class=\"swiper-slide\">\n                            <div class=\"hero_slider__visual\">\n                                <img loading=\"lazy\" decoding=\"async\" width=\"1440\" height=\"840\" src=\"https:\/\/www.meplan.com\/wp-content\/uploads\/2021\/09\/027-Kopie-neu-1440x840.jpg\" class=\"attachment-thumbnail_1440x840 size-thumbnail_1440x840\" alt=\"ZDK Design Detailansicht\" srcset=\"https:\/\/www.meplan.com\/wp-content\/uploads\/2021\/09\/027-Kopie-neu.jpg 1440w, https:\/\/www.meplan.com\/wp-content\/uploads\/2021\/09\/027-Kopie-neu-300x175.jpg 300w, https:\/\/www.meplan.com\/wp-content\/uploads\/2021\/09\/027-Kopie-neu-1024x597.jpg 1024w, https:\/\/www.meplan.com\/wp-content\/uploads\/2021\/09\/027-Kopie-neu-768x448.jpg 768w\" sizes=\"auto, (max-width: 1440px) 100vw, 1440px\" \/>                            <\/div>\n                        <\/div>\n                                            <div class=\"swiper-slide\">\n                            <div class=\"hero_slider__visual\">\n                                <img loading=\"lazy\" decoding=\"async\" width=\"1440\" height=\"840\" src=\"https:\/\/www.meplan.com\/wp-content\/uploads\/2021\/09\/031-Kopie-neu-1440x840.jpg\" class=\"attachment-thumbnail_1440x840 size-thumbnail_1440x840\" alt=\"ZDK Design Lounge\" srcset=\"https:\/\/www.meplan.com\/wp-content\/uploads\/2021\/09\/031-Kopie-neu.jpg 1440w, https:\/\/www.meplan.com\/wp-content\/uploads\/2021\/09\/031-Kopie-neu-300x175.jpg 300w, https:\/\/www.meplan.com\/wp-content\/uploads\/2021\/09\/031-Kopie-neu-1024x597.jpg 1024w, https:\/\/www.meplan.com\/wp-content\/uploads\/2021\/09\/031-Kopie-neu-768x448.jpg 768w\" sizes=\"auto, (max-width: 1440px) 100vw, 1440px\" \/>                            <\/div>\n                        <\/div>\n                                    <\/div>\n                <div class=\"swiper-button-next\"><\/div>\n            <\/div>\n            <\/div>\n    <div class=\"container container--sm\">\n                    <strong class=\"hero_banner__caption\">\n                Mit diesem Messeauftritt stellt sich unser Kunde als Interessenvertretung aller KFZ-Innungsbetriebe auf einer der Leitmessen der Automobilbranche dar.             <\/strong>\n            <\/div>\n<\/div>\n\n\n<div  class=\"characteristics\">\n    <div class=\"container container--sm\">\n        <div class=\"characteristics_columns\">\n                            <div class=\"characteristics_columns__col\">\n                    <div class=\"characteristics_text\">\n                        <p><span data-contrast=\"auto\">Das\u00a0<\/span>Standkonzept<span data-contrast=\"auto\">\u00a0vereint auf einer Fl\u00e4che die\u00a0detailgetreue\u00a0Nachbildung einer Werkstatt mit einem Bereich f\u00fcr Kommunikation,\u00a0Branchentreff\u00a0und\u00a0Recruiting\u00a0auf dem\u00a0Obergeschoss\u00a0des Geb\u00e4udes.<\/span><span data-ccp-props=\"{&quot;201341983&quot;:0,&quot;335559739&quot;:160,&quot;335559740&quot;:259}\">\u00a0<\/span><\/p>\n<p><span data-contrast=\"auto\">Unsere Designer und Architekten greifen bei der Gestaltung der imposanten Werkstatthalle bewusst die in der Branche \u00fcblichen Materialen und Designelemente\u00a0auf.\u00a0Durch gro\u00dfe\u00a0Hallen Tore\u00a0\u00f6ffnet sich\u00a0der\u00a0Stand\u00a0hin\u00a0zu den Messeg\u00e4ngen und l\u00e4dt\u00a0Besucher\u00a0ein\u00a0zum\u00a0fachlichen Austausch.<\/span><span data-ccp-props=\"{&quot;201341983&quot;:0,&quot;335559739&quot;:160,&quot;335559740&quot;:259}\">\u00a0<\/span><\/p>\n<p><span data-contrast=\"auto\">Der Kommunikationsbereich, der sich \u00fcber 2 Ebenen erstreckt, erh\u00e4lt seine moderne Optik durch elegante und hochwertige Oberfl\u00e4chen und imposante Einblicke in die Werkstatthalle.\u00a0\u00a0<\/span><span data-ccp-props=\"{&quot;201341983&quot;:0,&quot;335559739&quot;:160,&quot;335559740&quot;:259}\">\u00a0<\/span><\/p>\n                    <\/div>\n                <\/div>\n                                                            <div class=\"characteristics_columns__col\">\n                        <div class=\"characteristics_dark_container\">\n                            <div class=\"characteristics_dark_container__holder\">\n                                                                    <h3><span style=\"background-color: #0D4A8F; box-shadow: 0.1em 0 0 #0D4A8F, -0.1em 0 0 #0D4A8F;\">Auf einen Blick<\/span><\/h3>\n                                                                                                    <dl class=\"characteristics_list\" style=\"text-transform: uppercase;\">\n                                                                                                                                    <dt>Bereich<\/dt>\n                                                                                                                                        <dd>Design-L\u00f6sung<\/dd>\n                                                                                                                                                                                <dt>Kunde<\/dt>\n                                                                                                                                        <dd>Zentralverband Deutsches Kraftfahrzeuggewerbe (ZDK)<\/dd>\n                                                                                                                                                                                <dt>Veranstaltung<\/dt>\n                                                                                                                                        <dd>Automechanika 2018<\/dd>\n                                                                                                                                                                                <dt>Branche<\/dt>\n                                                                                                                                        <dd>Automobilbranche<\/dd>\n                                                                                                                                                                                <dt>Ort<\/dt>\n                                                                                                                                        <dd>Frankfurt<\/dd>\n                                                                                                                                                                                <dt>Fl\u00e4che<\/dt>\n                                                                                                                                        <dd>350 m2<\/dd>\n                                                                                                                        <\/dl>\n                                                            <\/div>\n                        <\/div>\n                    <\/div>\n                                    <\/div>\n    <\/div>\n<\/div>\n\n\n<div  class=\"team\">\n            <div class=\"news__heading\">\n            <div class=\"container\">\n                <h4>Unser Team f\u00fcr Ihre individuellen W\u00fcnsche<\/h4>\n            <\/div>\n        <\/div>\n        <div class=\"container\">\n                            <ul class=\"list_team team_columns_2\">\n                                    <li>\n                        <div class=\"team_item \">\n                    \n        <img loading=\"lazy\" decoding=\"async\" src=\"https:\/\/www.meplan.com\/wp-content\/uploads\/2023\/05\/Cars1_MA_Fotos_Website.png\" width=\"272\" height=\"344\" \/>        \n        \n        <img decoding=\"async\" src=\"https:\/\/www.meplan.com\/wp-content\/uploads\/2023\/05\/Cars2_MA_Fotos_Website.png\" class=\"hoverimg\" \/>\n\n\n        \n        <div class=\"team_item__body\">\n        <h3 class=\"team_item__name\">Carsten <br>Michel<\/h3>                    <h4 class=\"team_item__position\">\n                <span style=\"background-color: #FF6872; box-shadow: 0.1em 0 0 #FF6872, -0.1em 0 0 #FF6872;\">Project Manager<\/span>\n            <\/h4>\n                            <\/div>\n<\/div>\n\n<style>\n.hoverimg{\n\topacity: 0;\n    position: absolute;\n    top: 0;\n    left: 0;\n    height: 100%;\n}\t\n.team_item.hover .hoverimg{\n\topacity: 1;\n}\n<\/style>                    <\/li>\n                                    <li>\n                        <div class=\"team_item \">\n                    \n        <img loading=\"lazy\" decoding=\"async\" src=\"https:\/\/www.meplan.com\/wp-content\/uploads\/2023\/05\/Claudia1_MA_Fotos_Website.png\" width=\"272\" height=\"344\" \/>        \n        \n        <img decoding=\"async\" src=\"https:\/\/www.meplan.com\/wp-content\/uploads\/2023\/05\/Claudia2_MA_Fotos_Website.png\" class=\"hoverimg\" \/>\n\n\n        \n        <div class=\"team_item__body\">\n        <h3 class=\"team_item__name\">Claudia <br>H\u00f6fer<\/h3>                    <h4 class=\"team_item__position\">\n                <span style=\"background-color: #FF6872; box-shadow: 0.1em 0 0 #FF6872, -0.1em 0 0 #FF6872;\">Head of Design Division<\/span>\n            <\/h4>\n                            <\/div>\n<\/div>\n\n<style>\n.hoverimg{\n\topacity: 0;\n    position: absolute;\n    top: 0;\n    left: 0;\n    height: 100%;\n}\t\n.team_item.hover .hoverimg{\n\topacity: 1;\n}\n<\/style>                    <\/li>\n                            <\/ul>\n                    <\/div>\n<\/div>\n\n\n<div class=\"g-container\"><div class=\"g-container\"><div  class=\"section-links\">\n    <div class=\"container\">\n        <div class=\"links-columns\">\n                            <div class=\"links-columns__col\">\n                    <h2 class=\"title-links\">\n\t                    \t                    \n\t                    <span style=\"background-color: #0D4A8F; box-shadow: 0.1em 0 0 #0D4A8F, -0.1em 0 0 #0D4A8F;\">Kontaktieren Sie uns! <\/span>\n\t                <\/h2>\n                <\/div>\n                                        <div class=\"links-columns__col\" style=\"margin-bottom: -90px; \">\n                    <ul class=\"list-links\">\n                                                    <li>\n                                <a class=\"link_el\" href=\"mailto:info@meplan.de\" >E-Mail  <span class=\"arrow_horizontal\"><span class=\"icon-link-arrow-large-next\"><\/span><\/span><\/a>\n                            <\/li>\n                                            <\/ul>\n                <\/div>\n                    <\/div>\n    <\/div>\n<\/div>\n<\/div><\/div>\n\n\n\t        <div  class=\"two-columns-full-image grid_image\">\n\n\n\t    \n\t    \t    \n                    <div class=\"grid_image__col two-columns-full-image__col\">\n                                    <img decoding=\"async\" src=\"https:\/\/www.meplan.com\/wp-content\/uploads\/2021\/08\/Nachaltige_Standsysteme_Closeup_960x498-960x498.jpg\" alt=\"meplan nachhaltiger Messebau Messestand\">\n                                                    <a class=\"grid_image__text\" href=\"https:\/\/www.meplan.com\/nachhaltigkeit\/\" target=\"\">\n                                                    <h3><span style=\"background-color: #FF6872; box-shadow: 0.1em 0 0 #FF6872, -0.1em 0 0 #FF6872;\">Nachhaltigkeit<\/span><\/h3>\n                                                                            <div class=\"grid_image__hold\">\n                                <div class=\"grid_image__body\">\n                                                                            <div class=\"two-columns-full-image__text\">\n                                            <p>Wir sind Ihr Partner f\u00fcr ressourcenschonende und CO\u2082-neutrale Messeauftritte und erf\u00fcllen h\u00f6chste ESG-Kriterien.<\/p>\n                                        <\/div>\n                                                                        <span class=\"link\">\n                                        <span class=\"arrow_horizontal\"><span class=\"icon-link-arrow-large-next\"><\/span><\/span>\n                                    <\/span>\n                                <\/div>\n                            <\/div>\n                                            <\/a>\n                            <\/div>\n                    <div class=\"grid_image__col two-columns-full-image__col\">\n                                    <img decoding=\"async\" src=\"https:\/\/www.meplan.com\/wp-content\/uploads\/2021\/09\/meplan-virtueller-Markenraum-Digital-Twin-960x662px-960x498.jpg\" alt=\"meplan Digitale L\u00f6sungen Messestand\">\n                                                    <a class=\"grid_image__text\" href=\"https:\/\/www.meplan.com\/digitale-loesung\/\" target=\"\">\n                                                    <h3><span style=\"background-color: #00D7FF; box-shadow: 0.1em 0 0 #00D7FF, -0.1em 0 0 #00D7FF;\">Digitale<br \/>\r\nL\u00f6sung<\/span><\/h3>\n                                                                            <div class=\"grid_image__hold\">\n                                <div class=\"grid_image__body\">\n                                                                            <div class=\"two-columns-full-image__text\">\n                                            <p>Wir unterst\u00fctzen Sie mit wegweisenden Konzepten, hybriden und virtuellen Messe-L\u00f6sungen.<\/p>\n                                        <\/div>\n                                                                        <span class=\"link\">\n                                        <span class=\"arrow_horizontal\"><span class=\"icon-link-arrow-large-next\"><\/span><\/span>\n                                    <\/span>\n                                <\/div>\n                            <\/div>\n                                            <\/a>\n                            <\/div>\n            <\/div>\n","protected":false},"excerpt":{"rendered":"","protected":false},"author":2,"featured_media":0,"parent":5091,"menu_order":0,"comment_status":"closed","ping_status":"closed","template":"","meta":{"_acf_changed":false,"footnotes":""},"class_list":["post-5123","page","type-page","status-publish","hentry"],"acf":[],"yoast_head":"<!-- This site is optimized with the Yoast SEO plugin v27.5 - https:\/\/yoast.com\/product\/yoast-seo-wordpress\/ -->\n<title>ZDK Messestand Referenz | MEPLAN<\/title>\n<meta name=\"description\" content=\"Mit diesem Messeauftritt stellt sich unser Kunde als Interessenvertretung aller KFZ-Innungsbetriebe auf einer der Leitmessen der Automobilbranche dar.\" \/>\n<meta name=\"robots\" content=\"index, follow, max-snippet:-1, max-image-preview:large, max-video-preview:-1\" \/>\n<link rel=\"canonical\" href=\"https:\/\/www.meplan.com\/en\/markenauftritt\/designstaende\/referenz-zdk\/\" \/>\n<meta property=\"og:locale\" content=\"en_US\" \/>\n<meta property=\"og:type\" content=\"article\" \/>\n<meta property=\"og:title\" content=\"ZDK Messestand Referenz | MEPLAN\" \/>\n<meta property=\"og:description\" content=\"Mit diesem Messeauftritt stellt sich unser Kunde als Interessenvertretung aller KFZ-Innungsbetriebe auf einer der Leitmessen der Automobilbranche dar.\" \/>\n<meta property=\"og:url\" content=\"https:\/\/www.meplan.com\/en\/markenauftritt\/designstaende\/referenz-zdk\/\" \/>\n<meta property=\"og:site_name\" content=\"MEPLAN\" \/>\n<meta property=\"article:modified_time\" content=\"2021-10-28T16:16:54+00:00\" \/>\n<meta name=\"twitter:card\" content=\"summary_large_image\" \/>\n<script type=\"application\/ld+json\" class=\"yoast-schema-graph\">{\"@context\":\"https:\\\/\\\/schema.org\",\"@graph\":[{\"@type\":\"WebPage\",\"@id\":\"https:\\\/\\\/www.meplan.com\\\/en\\\/markenauftritt\\\/designstaende\\\/referenz-zdk\\\/\",\"url\":\"https:\\\/\\\/www.meplan.com\\\/en\\\/markenauftritt\\\/designstaende\\\/referenz-zdk\\\/\",\"name\":\"ZDK Messestand Referenz | MEPLAN\",\"isPartOf\":{\"@id\":\"https:\\\/\\\/www.meplan.com\\\/#website\"},\"datePublished\":\"2021-09-03T11:27:24+00:00\",\"dateModified\":\"2021-10-28T16:16:54+00:00\",\"description\":\"Mit diesem Messeauftritt stellt sich unser Kunde als Interessenvertretung aller KFZ-Innungsbetriebe auf einer der Leitmessen der Automobilbranche dar.\",\"breadcrumb\":{\"@id\":\"https:\\\/\\\/www.meplan.com\\\/en\\\/markenauftritt\\\/designstaende\\\/referenz-zdk\\\/#breadcrumb\"},\"inLanguage\":\"en-US\",\"potentialAction\":[{\"@type\":\"ReadAction\",\"target\":[\"https:\\\/\\\/www.meplan.com\\\/en\\\/markenauftritt\\\/designstaende\\\/referenz-zdk\\\/\"]}]},{\"@type\":\"BreadcrumbList\",\"@id\":\"https:\\\/\\\/www.meplan.com\\\/en\\\/markenauftritt\\\/designstaende\\\/referenz-zdk\\\/#breadcrumb\",\"itemListElement\":[{\"@type\":\"ListItem\",\"position\":1,\"name\":\"Home\",\"item\":\"https:\\\/\\\/www.meplan.com\\\/en\\\/\"},{\"@type\":\"ListItem\",\"position\":2,\"name\":\"Fair presence\",\"item\":\"https:\\\/\\\/www.meplan.com\\\/en\\\/markenauftritt\\\/\"},{\"@type\":\"ListItem\",\"position\":3,\"name\":\"Design booth\",\"item\":\"https:\\\/\\\/www.meplan.com\\\/en\\\/markenauftritt\\\/designstaende\\\/\"},{\"@type\":\"ListItem\",\"position\":4,\"name\":\"Referenz ZDK\"}]},{\"@type\":\"WebSite\",\"@id\":\"https:\\\/\\\/www.meplan.com\\\/#website\",\"url\":\"https:\\\/\\\/www.meplan.com\\\/\",\"name\":\"MEPLAN\",\"description\":\"\",\"potentialAction\":[{\"@type\":\"SearchAction\",\"target\":{\"@type\":\"EntryPoint\",\"urlTemplate\":\"https:\\\/\\\/www.meplan.com\\\/?s={search_term_string}\"},\"query-input\":{\"@type\":\"PropertyValueSpecification\",\"valueRequired\":true,\"valueName\":\"search_term_string\"}}],\"inLanguage\":\"en-US\"}]}<\/script>\n<!-- \/ Yoast SEO plugin. -->","yoast_head_json":{"title":"ZDK Messestand Referenz | MEPLAN","description":"Mit diesem Messeauftritt stellt sich unser Kunde als Interessenvertretung aller KFZ-Innungsbetriebe auf einer der Leitmessen der Automobilbranche dar.","robots":{"index":"index","follow":"follow","max-snippet":"max-snippet:-1","max-image-preview":"max-image-preview:large","max-video-preview":"max-video-preview:-1"},"canonical":"https:\/\/www.meplan.com\/en\/markenauftritt\/designstaende\/referenz-zdk\/","og_locale":"en_US","og_type":"article","og_title":"ZDK Messestand Referenz | MEPLAN","og_description":"Mit diesem Messeauftritt stellt sich unser Kunde als Interessenvertretung aller KFZ-Innungsbetriebe auf einer der Leitmessen der Automobilbranche dar.","og_url":"https:\/\/www.meplan.com\/en\/markenauftritt\/designstaende\/referenz-zdk\/","og_site_name":"MEPLAN","article_modified_time":"2021-10-28T16:16:54+00:00","twitter_card":"summary_large_image","schema":{"@context":"https:\/\/schema.org","@graph":[{"@type":"WebPage","@id":"https:\/\/www.meplan.com\/en\/markenauftritt\/designstaende\/referenz-zdk\/","url":"https:\/\/www.meplan.com\/en\/markenauftritt\/designstaende\/referenz-zdk\/","name":"ZDK Messestand Referenz | MEPLAN","isPartOf":{"@id":"https:\/\/www.meplan.com\/#website"},"datePublished":"2021-09-03T11:27:24+00:00","dateModified":"2021-10-28T16:16:54+00:00","description":"Mit diesem Messeauftritt stellt sich unser Kunde als Interessenvertretung aller KFZ-Innungsbetriebe auf einer der Leitmessen der Automobilbranche dar.","breadcrumb":{"@id":"https:\/\/www.meplan.com\/en\/markenauftritt\/designstaende\/referenz-zdk\/#breadcrumb"},"inLanguage":"en-US","potentialAction":[{"@type":"ReadAction","target":["https:\/\/www.meplan.com\/en\/markenauftritt\/designstaende\/referenz-zdk\/"]}]},{"@type":"BreadcrumbList","@id":"https:\/\/www.meplan.com\/en\/markenauftritt\/designstaende\/referenz-zdk\/#breadcrumb","itemListElement":[{"@type":"ListItem","position":1,"name":"Home","item":"https:\/\/www.meplan.com\/en\/"},{"@type":"ListItem","position":2,"name":"Fair presence","item":"https:\/\/www.meplan.com\/en\/markenauftritt\/"},{"@type":"ListItem","position":3,"name":"Design booth","item":"https:\/\/www.meplan.com\/en\/markenauftritt\/designstaende\/"},{"@type":"ListItem","position":4,"name":"Referenz ZDK"}]},{"@type":"WebSite","@id":"https:\/\/www.meplan.com\/#website","url":"https:\/\/www.meplan.com\/","name":"MEPLAN","description":"","potentialAction":[{"@type":"SearchAction","target":{"@type":"EntryPoint","urlTemplate":"https:\/\/www.meplan.com\/?s={search_term_string}"},"query-input":{"@type":"PropertyValueSpecification","valueRequired":true,"valueName":"search_term_string"}}],"inLanguage":"en-US"}]}},"_links":{"self":[{"href":"https:\/\/www.meplan.com\/en\/wp-json\/wp\/v2\/pages\/5123","targetHints":{"allow":["GET"]}}],"collection":[{"href":"https:\/\/www.meplan.com\/en\/wp-json\/wp\/v2\/pages"}],"about":[{"href":"https:\/\/www.meplan.com\/en\/wp-json\/wp\/v2\/types\/page"}],"author":[{"embeddable":true,"href":"https:\/\/www.meplan.com\/en\/wp-json\/wp\/v2\/users\/2"}],"replies":[{"embeddable":true,"href":"https:\/\/www.meplan.com\/en\/wp-json\/wp\/v2\/comments?post=5123"}],"version-history":[{"count":5,"href":"https:\/\/www.meplan.com\/en\/wp-json\/wp\/v2\/pages\/5123\/revisions"}],"predecessor-version":[{"id":6196,"href":"https:\/\/www.meplan.com\/en\/wp-json\/wp\/v2\/pages\/5123\/revisions\/6196"}],"up":[{"embeddable":true,"href":"https:\/\/www.meplan.com\/en\/wp-json\/wp\/v2\/pages\/5091"}],"wp:attachment":[{"href":"https:\/\/www.meplan.com\/en\/wp-json\/wp\/v2\/media?parent=5123"}],"curies":[{"name":"wp","href":"https:\/\/api.w.org\/{rel}","templated":true}]}}