{"id":9532,"date":"2023-04-28T10:24:26","date_gmt":"2023-04-28T10:24:26","guid":{"rendered":"https:\/\/www.meplan.com\/?page_id=9532"},"modified":"2023-04-28T10:31:22","modified_gmt":"2023-04-28T10:31:22","slug":"meplan-woodi","status":"publish","type":"page","link":"https:\/\/www.meplan.com\/en\/nachhaltigkeit\/meplan-woodi\/","title":{"rendered":"meplan WOOD\u00ef"},"content":{"rendered":"<div class=\"g-container\"><div class=\"breadcrumbs align  wp-block-bcn-breadcrumb-trail has-text-color has-background\" vocab=\"https:\/\/schema.org\/\" typeof=\"BreadcrumbList\">\n\t<span><\/span>\n\t<span property=\"itemListElement\" typeof=\"ListItem\"><a property=\"item\" typeof=\"WebPage\" title=\"Go to MEPLAN.\" href=\"https:\/\/www.meplan.com\/en\/\" class=\"home\" ><span property=\"name\">Home<\/span><\/a><meta property=\"position\" content=\"1\"><\/span> &gt; <span property=\"itemListElement\" typeof=\"ListItem\"><a property=\"item\" typeof=\"WebPage\" title=\"Go to Cookie-Richtlinie.\" href=\"https:\/\/www.meplan.com\/en\/cookie-richtlinie\/\" class=\"post-root post post-post\" aria-current=\"page\"><span property=\"name\">Cookie-Richtlinie<\/span><\/a><meta property=\"position\" content=\"2\"><\/span><\/div>\n<\/div>\n\n\n\n<div  class=\"hero_banner\">\n    <div class=\"container container--sm\">\n                    <div class=\"hero_banner__header\">\n                                                    <h2><span style=\"background-color: #B9E457; box-shadow: 0.1em 0 0 #B9E457, -0.1em 0 0 #B9E457;\">wood\u00ef by meplan<\/span><\/h2>\n                            <\/div>\n            <\/div>\n    <div class=\"container\">\n                \n<div style=\"display: none;\">\n\t9532<\/div>\n\t        \n            <div class=\"hero_slider swiper-container\" data-id=\"block_611fd68e0323b\">\n\t\t\t            \n\t            <div class=\"swiper-button-prev\"><\/div>\n                <div class=\"swiper-wrapper\">\n                                            <div class=\"swiper-slide\">\n                            <div class=\"hero_slider__visual\">\n                                <img loading=\"lazy\" decoding=\"async\" width=\"1440\" height=\"840\" src=\"https:\/\/www.meplan.com\/wp-content\/uploads\/2023\/04\/Startup-Area-IAA-2021-Halle-A1-\u00a9-Sebastian-Weidenbach-001-1440x840.jpg\" class=\"attachment-thumbnail_1440x840 size-thumbnail_1440x840\" alt=\"\" \/>                            <\/div>\n                        <\/div>\n                                            <div class=\"swiper-slide\">\n                            <div class=\"hero_slider__visual\">\n                                <img loading=\"lazy\" decoding=\"async\" width=\"1440\" height=\"840\" src=\"https:\/\/www.meplan.com\/wp-content\/uploads\/2023\/04\/JB76500-1440x840.jpg\" class=\"attachment-thumbnail_1440x840 size-thumbnail_1440x840\" alt=\"\" \/>                            <\/div>\n                        <\/div>\n                                            <div class=\"swiper-slide\">\n                            <div class=\"hero_slider__visual\">\n                                <img loading=\"lazy\" decoding=\"async\" width=\"1440\" height=\"840\" src=\"https:\/\/www.meplan.com\/wp-content\/uploads\/2023\/04\/JB82719_IAA-1440x840.jpg\" class=\"attachment-thumbnail_1440x840 size-thumbnail_1440x840\" alt=\"\" \/>                            <\/div>\n                        <\/div>\n                                    <\/div>\n                <div class=\"swiper-button-next\"><\/div>\n            <\/div>\n            <\/div>\n    <div class=\"container container--sm\">\n            <\/div>\n<\/div>\n\n\n<div class=\"g-container\">\n<div style=\"height:100px\" aria-hidden=\"true\" class=\"wp-block-spacer\"><\/div>\n<\/div>\n\n<div class=\"g-container\">\n<h2 class=\"wp-block-heading has-text-align-center\">Sustainable trade fair? <br>Yes, we can!<\/h2>\n<\/div>\n\n<div class=\"g-container\">\n<p>At <strong>meplan<\/strong>, we understand sustainability as our core responsibility in all our work processes. We always ask ourselves what impact our products and services have along the entire value chain &#8211; from the resources required, through production, the entire use phase including logistics and warehousing, to the after-use phase.<br><br><\/p>\n<\/div>\n\n<div class=\"g-container\"><p><iframe loading=\"lazy\" src=\"https:\/\/my.matterport.com\/show\/?m=q2nLwhjGmtK&#038;sr=-3.01,-.41&#038;ss=91\" name=\"Test\" width=\"750px\" height=\"550px\" style=\"border: ;\"><\/iframe\n\n<\/p>\n<\/div>\n\n<div class=\"g-container\">\n<p><br>With the resource-conserving exhibition stand system <strong>wood\u00ef<\/strong>, meplan is a pioneer in the field of sustainable exhibition space design. <strong>Wood\u00ef <\/strong>is the first exhibition stand to be developed according to the principles of the circular economy and has been built a hundred times to date. <strong>Wood\u00ef <\/strong>fulfils our goal of circularity and significantly reduces the CO\u2082 footprint.&nbsp;<\/p>\n<\/div>\n\n<div class=\"g-container\">\n<div style=\"height:100px\" aria-hidden=\"true\" class=\"wp-block-spacer\"><\/div>\n<\/div>\n\n<div class=\"g-container\">\n<div class=\"wp-block-media-text alignwide is-stacked-on-mobile\"><figure class=\"wp-block-media-text__media\"><img loading=\"lazy\" decoding=\"async\" width=\"2560\" height=\"1706\" src=\"https:\/\/www.meplan.com\/wp-content\/uploads\/2023\/03\/JB82692-scaled.jpg\" alt=\"\" class=\"wp-image-9241 size-full\" srcset=\"https:\/\/www.meplan.com\/wp-content\/uploads\/2023\/03\/JB82692-scaled.jpg 2560w, https:\/\/www.meplan.com\/wp-content\/uploads\/2023\/03\/JB82692-300x200.jpg 300w, https:\/\/www.meplan.com\/wp-content\/uploads\/2023\/03\/JB82692-1024x682.jpg 1024w, https:\/\/www.meplan.com\/wp-content\/uploads\/2023\/03\/JB82692-768x512.jpg 768w, https:\/\/www.meplan.com\/wp-content\/uploads\/2023\/03\/JB82692-1536x1024.jpg 1536w, https:\/\/www.meplan.com\/wp-content\/uploads\/2023\/03\/JB82692-2048x1365.jpg 2048w\" sizes=\"auto, (max-width: 2560px) 100vw, 2560px\" \/><\/figure><div class=\"wp-block-media-text__content\"><div class=\"g-container\">\n<p>The modularity, based on the multitude of individual product elements, makes <strong>wood\u00ef<\/strong> the perfect building block for the construction of entire exhibition halls. With a strict eye on circularity, innovative concepts can be realised that live sustainability in all areas.<\/p>\n<\/div>\n\n<div class=\"g-container\">\n<p>Are you planning communal areas or entire catering areas that are designed to be sustainable from the ground up? Then <strong>wood\u00ef <\/strong>is the right choice for you!<\/p>\n<\/div><\/div><\/div>\n<\/div>\n\n<div class=\"g-container\">\n<p><\/p>\n<\/div>\n\n<div class=\"g-container\">\n<div class=\"wp-block-media-text alignwide has-media-on-the-right is-stacked-on-mobile\"><div class=\"wp-block-media-text__content\"><div class=\"g-container\">\n<p><br><br>In addition to hall concepts, the <strong>wood\u00ef <\/strong>exhibition system is also suitable for the realisation of individual and circular exhibition stands. Thus, from small system stands to fancy and large design stands, all wishes can be fulfilled.<br><br><\/p>\n<\/div><\/div><figure class=\"wp-block-media-text__media\"><img loading=\"lazy\" decoding=\"async\" width=\"1200\" height=\"800\" src=\"https:\/\/www.meplan.com\/wp-content\/uploads\/2023\/03\/Woodi-IAA-2021-Halle-B5-\u00a9-Sebastian-Weidenbach-WEB-003.jpg\" alt=\"\" class=\"wp-image-9194 size-full\" srcset=\"https:\/\/www.meplan.com\/wp-content\/uploads\/2023\/03\/Woodi-IAA-2021-Halle-B5-\u00a9-Sebastian-Weidenbach-WEB-003.jpg 1200w, https:\/\/www.meplan.com\/wp-content\/uploads\/2023\/03\/Woodi-IAA-2021-Halle-B5-\u00a9-Sebastian-Weidenbach-WEB-003-300x200.jpg 300w, https:\/\/www.meplan.com\/wp-content\/uploads\/2023\/03\/Woodi-IAA-2021-Halle-B5-\u00a9-Sebastian-Weidenbach-WEB-003-1024x683.jpg 1024w, https:\/\/www.meplan.com\/wp-content\/uploads\/2023\/03\/Woodi-IAA-2021-Halle-B5-\u00a9-Sebastian-Weidenbach-WEB-003-768x512.jpg 768w\" sizes=\"auto, (max-width: 1200px) 100vw, 1200px\" \/><\/figure><\/div>\n<\/div>\n\n<div class=\"g-container\">\n<div style=\"height:100px\" aria-hidden=\"true\" class=\"wp-block-spacer\"><\/div>\n<\/div>\n\n<div class=\"g-container\">\n<h2 class=\"wp-block-heading has-text-align-center\">Why wood\u00ef?<\/h2>\n<\/div>\n\n<div class=\"g-container\">\n<p class=\"has-text-align-left\"><strong>Wood\u00ef <\/strong>is the first circular trade fair construction system that finds primary application at the Messe M\u00fcnchen location. Locally produced and stored, modular and flexible. With a focus on systemic design, <strong>wood\u00ef <\/strong>lays the foundation for a fully circular trade fair.<\/p>\n<\/div>\n\n<div class=\"wp-block-image\"><div class=\"g-container\">\n<figure class=\"aligncenter size-large\"><img loading=\"lazy\" decoding=\"async\" width=\"1024\" height=\"540\" src=\"https:\/\/www.meplan.com\/wp-content\/uploads\/2023\/04\/Vorlage_Microsite_EN-1024x540.png\" alt=\"\" class=\"wp-image-9535\" srcset=\"https:\/\/www.meplan.com\/wp-content\/uploads\/2023\/04\/Vorlage_Microsite_EN-1024x540.png 1024w, https:\/\/www.meplan.com\/wp-content\/uploads\/2023\/04\/Vorlage_Microsite_EN-300x158.png 300w, https:\/\/www.meplan.com\/wp-content\/uploads\/2023\/04\/Vorlage_Microsite_EN-768x405.png 768w, https:\/\/www.meplan.com\/wp-content\/uploads\/2023\/04\/Vorlage_Microsite_EN-1536x810.png 1536w, https:\/\/www.meplan.com\/wp-content\/uploads\/2023\/04\/Vorlage_Microsite_EN-2048x1080.png 2048w\" sizes=\"auto, (max-width: 1024px) 100vw, 1024px\" \/><\/figure>\n<\/div><\/div>\n\n<div class=\"g-container\">\n<p class=\"has-text-align-left\">The circular <strong>wood\u00ef <\/strong>exhibition stand construction system consists of a multitude of individual and always circularly conceived elements that guarantee a modular and individual conception.<\/p>\n<\/div>\n\n<div class=\"g-container\">\n<figure class=\"wp-block-image size-large is-resized center\"><img loading=\"lazy\" decoding=\"async\" src=\"https:\/\/www.meplan.com\/wp-content\/uploads\/2023\/04\/WOODII_ALL-1024x751.png\" alt=\"\" class=\"wp-image-9252\" width=\"1024\" height=\"751\" srcset=\"https:\/\/www.meplan.com\/wp-content\/uploads\/2023\/04\/WOODII_ALL-1024x751.png 1024w, https:\/\/www.meplan.com\/wp-content\/uploads\/2023\/04\/WOODII_ALL-300x220.png 300w, https:\/\/www.meplan.com\/wp-content\/uploads\/2023\/04\/WOODII_ALL-768x563.png 768w, https:\/\/www.meplan.com\/wp-content\/uploads\/2023\/04\/WOODII_ALL-1536x1126.png 1536w, https:\/\/www.meplan.com\/wp-content\/uploads\/2023\/04\/WOODII_ALL-2048x1501.png 2048w\" sizes=\"auto, (max-width: 1024px) 100vw, 1024px\" \/><\/figure>\n<\/div>\n\n<div class=\"g-container\">\n<p><\/p>\n<\/div>\n\n<div class=\"g-container\">\n<p><\/p>\n<\/div>\n\n<div class=\"g-container\">\n<div style=\"height:100px\" aria-hidden=\"true\" class=\"wp-block-spacer\"><\/div>\n<\/div>\n\n<div class=\"g-container\">\n<h2 class=\"wp-block-heading has-text-align-center\">wood\u00ef.products<\/h2>\n<\/div>\n\n<div class=\"g-container\">\n<div class=\"wp-block-media-text alignwide is-stacked-on-mobile\"><figure class=\"wp-block-media-text__media\"><img loading=\"lazy\" decoding=\"async\" width=\"1024\" height=\"683\" src=\"https:\/\/www.meplan.com\/wp-content\/uploads\/2023\/03\/Woodi-IAA-2021-Halle-B5-\u00a9-Sebastian-Weidenbach-WEB-005-1024x683.jpg\" alt=\"\" class=\"wp-image-9196 size-full\" srcset=\"https:\/\/www.meplan.com\/wp-content\/uploads\/2023\/03\/Woodi-IAA-2021-Halle-B5-\u00a9-Sebastian-Weidenbach-WEB-005-1024x683.jpg 1024w, https:\/\/www.meplan.com\/wp-content\/uploads\/2023\/03\/Woodi-IAA-2021-Halle-B5-\u00a9-Sebastian-Weidenbach-WEB-005-300x200.jpg 300w, https:\/\/www.meplan.com\/wp-content\/uploads\/2023\/03\/Woodi-IAA-2021-Halle-B5-\u00a9-Sebastian-Weidenbach-WEB-005-768x512.jpg 768w, https:\/\/www.meplan.com\/wp-content\/uploads\/2023\/03\/Woodi-IAA-2021-Halle-B5-\u00a9-Sebastian-Weidenbach-WEB-005.jpg 1200w\" sizes=\"auto, (max-width: 1024px) 100vw, 1024px\" \/><\/figure><div class=\"wp-block-media-text__content\"><div class=\"g-container\">\n<p><br><br>The <strong>wood\u00ef.shop<\/strong> system is perfect for the realisation of exhibition stands or sales areas. Thanks to the modularity of the system, not only can all stand sizes be equipped, but the brand identity can also be taken into account.<br><br> <\/p>\n<\/div><\/div><\/div>\n<\/div>\n\n<div class=\"g-container\">\n<p><\/p>\n<\/div>\n\n<div class=\"g-container\">\n<div class=\"wp-block-media-text alignwide has-media-on-the-right is-stacked-on-mobile\"><div class=\"wp-block-media-text__content\"><div class=\"g-container\">\n<p><br><br>With <strong>wood\u00ef.frame<\/strong>, both large hall areas and holistic hall concepts can be realised. This system is mainly used in communal areas, catering areas or trade fair forums.<br><br> <\/p>\n<\/div><\/div><figure class=\"wp-block-media-text__media\"><img loading=\"lazy\" decoding=\"async\" width=\"1024\" height=\"682\" src=\"https:\/\/www.meplan.com\/wp-content\/uploads\/2023\/04\/JB82719_IAA-1024x682.jpg\" alt=\"\" class=\"wp-image-9366 size-full\" srcset=\"https:\/\/www.meplan.com\/wp-content\/uploads\/2023\/04\/JB82719_IAA-1024x682.jpg 1024w, https:\/\/www.meplan.com\/wp-content\/uploads\/2023\/04\/JB82719_IAA-300x200.jpg 300w, https:\/\/www.meplan.com\/wp-content\/uploads\/2023\/04\/JB82719_IAA-768x512.jpg 768w, https:\/\/www.meplan.com\/wp-content\/uploads\/2023\/04\/JB82719_IAA-1536x1024.jpg 1536w, https:\/\/www.meplan.com\/wp-content\/uploads\/2023\/04\/JB82719_IAA-2048x1365.jpg 2048w\" sizes=\"auto, (max-width: 1024px) 100vw, 1024px\" \/><\/figure><\/div>\n<\/div>\n\n<div class=\"g-container\">\n<p><\/p>\n<\/div>\n\n<div class=\"g-container\">\n<div class=\"wp-block-media-text alignwide is-stacked-on-mobile\"><figure class=\"wp-block-media-text__media\"><img loading=\"lazy\" decoding=\"async\" width=\"1024\" height=\"657\" src=\"https:\/\/www.meplan.com\/wp-content\/uploads\/2023\/04\/TCH_Szene-1_Kiosk_ohne_Rahmen-1024x657.jpg\" alt=\"\" class=\"wp-image-9380 size-full\" srcset=\"https:\/\/www.meplan.com\/wp-content\/uploads\/2023\/04\/TCH_Szene-1_Kiosk_ohne_Rahmen-1024x657.jpg 1024w, https:\/\/www.meplan.com\/wp-content\/uploads\/2023\/04\/TCH_Szene-1_Kiosk_ohne_Rahmen-300x192.jpg 300w, https:\/\/www.meplan.com\/wp-content\/uploads\/2023\/04\/TCH_Szene-1_Kiosk_ohne_Rahmen-768x492.jpg 768w, https:\/\/www.meplan.com\/wp-content\/uploads\/2023\/04\/TCH_Szene-1_Kiosk_ohne_Rahmen-1536x985.jpg 1536w, https:\/\/www.meplan.com\/wp-content\/uploads\/2023\/04\/TCH_Szene-1_Kiosk_ohne_Rahmen-2048x1313.jpg 2048w\" sizes=\"auto, (max-width: 1024px) 100vw, 1024px\" \/><\/figure><div class=\"wp-block-media-text__content\"><div class=\"g-container\">\n<p><br><br>The <strong>wood\u00ef.house<\/strong> system is the perfect complement for lounges and catering areas that invite guests and visitors to stay and relax. This system not only offers various application possibilities &#8211; from <a href=\"https:\/\/www.meplan.com\/woodi_Tiny_Coffee_House\" target=\"_blank\" rel=\"noreferrer noopener\"><strong>TinyCoffeeHouse <\/strong><\/a>to walk-in retail areas &#8211; but also high flexibility in exterior design.<br><br><\/p>\n<\/div><\/div><\/div>\n<\/div>\n\n<div class=\"g-container\">\n<div class=\"wp-block-media-text alignwide has-media-on-the-right is-stacked-on-mobile\"><div class=\"wp-block-media-text__content\"><div class=\"g-container\">\n<p><\/p>\n<\/div>\n\n<div class=\"g-container\">\n<p><br><br>Sustainability only works properly when all aspects of circularity are taken into account. This is the idea behind <strong>wood\u00ef.project<\/strong>. Based on the circular approach of the entire <strong>wood\u00ef <\/strong>trade fair construction system, this concept completes the circularity idea. A recently realised project can be marvelled at in Hall B0 at BAU 2023. In this hall concept, 3000 seedlings from a tree nursery were used as plant decoration, which were subsequently used for reforestation in damaged Bavarian forests.<strong><br><br><\/strong><\/p>\n<\/div><\/div><figure class=\"wp-block-media-text__media\"><img loading=\"lazy\" decoding=\"async\" width=\"1024\" height=\"576\" src=\"https:\/\/www.meplan.com\/wp-content\/uploads\/2023\/04\/Header_woo_ENbau_final-1024x576.png\" alt=\"\" class=\"wp-image-9539 size-full\" srcset=\"https:\/\/www.meplan.com\/wp-content\/uploads\/2023\/04\/Header_woo_ENbau_final-1024x576.png 1024w, https:\/\/www.meplan.com\/wp-content\/uploads\/2023\/04\/Header_woo_ENbau_final-300x169.png 300w, https:\/\/www.meplan.com\/wp-content\/uploads\/2023\/04\/Header_woo_ENbau_final-768x432.png 768w, https:\/\/www.meplan.com\/wp-content\/uploads\/2023\/04\/Header_woo_ENbau_final-1536x864.png 1536w, https:\/\/www.meplan.com\/wp-content\/uploads\/2023\/04\/Header_woo_ENbau_final-2048x1152.png 2048w, https:\/\/www.meplan.com\/wp-content\/uploads\/2023\/04\/Header_woo_ENbau_final-1920x1080.png 1920w\" sizes=\"auto, (max-width: 1024px) 100vw, 1024px\" \/><\/figure><\/div>\n<\/div>\n\n<div class=\"g-container\">\n<div style=\"height:100px\" aria-hidden=\"true\" class=\"wp-block-spacer\"><\/div>\n<\/div>\n\n<div class=\"g-container\">\n<h2 class=\"wp-block-heading has-text-align-center\">References<\/h2>\n<\/div>\n\n<div class=\"g-container\">\n<figure class=\"wp-block-image size-large\"><img loading=\"lazy\" decoding=\"async\" width=\"1024\" height=\"250\" src=\"https:\/\/www.meplan.com\/wp-content\/uploads\/2023\/04\/Refenrezn_logods_klein-1024x250.png\" alt=\"\" class=\"wp-image-9294\" srcset=\"https:\/\/www.meplan.com\/wp-content\/uploads\/2023\/04\/Refenrezn_logods_klein-1024x250.png 1024w, https:\/\/www.meplan.com\/wp-content\/uploads\/2023\/04\/Refenrezn_logods_klein-300x73.png 300w, https:\/\/www.meplan.com\/wp-content\/uploads\/2023\/04\/Refenrezn_logods_klein-768x187.png 768w, https:\/\/www.meplan.com\/wp-content\/uploads\/2023\/04\/Refenrezn_logods_klein-350x85.png 350w, https:\/\/www.meplan.com\/wp-content\/uploads\/2023\/04\/Refenrezn_logods_klein.png 1500w\" sizes=\"auto, (max-width: 1024px) 100vw, 1024px\" \/><\/figure>\n<\/div>\n\n<div class=\"g-container\">\n<div style=\"height:100px\" aria-hidden=\"true\" class=\"wp-block-spacer\"><\/div>\n<\/div>\n\n<div class=\"g-container\">\n<h2 class=\"wp-block-heading has-text-align-center\">Certificates and awards<\/h2>\n<\/div>\n\n<div class=\"g-container\">\n<figure class=\"wp-block-image size-large\"><img loading=\"lazy\" decoding=\"async\" width=\"1024\" height=\"250\" src=\"https:\/\/www.meplan.com\/wp-content\/uploads\/2023\/04\/Zerti_logos-1024x250.png\" alt=\"\" class=\"wp-image-9296\" srcset=\"https:\/\/www.meplan.com\/wp-content\/uploads\/2023\/04\/Zerti_logos-1024x250.png 1024w, https:\/\/www.meplan.com\/wp-content\/uploads\/2023\/04\/Zerti_logos-300x73.png 300w, https:\/\/www.meplan.com\/wp-content\/uploads\/2023\/04\/Zerti_logos-768x187.png 768w, https:\/\/www.meplan.com\/wp-content\/uploads\/2023\/04\/Zerti_logos-350x85.png 350w, https:\/\/www.meplan.com\/wp-content\/uploads\/2023\/04\/Zerti_logos.png 1500w\" sizes=\"auto, (max-width: 1024px) 100vw, 1024px\" \/><\/figure>\n<\/div>\n\n<div class=\"g-container\">\n<div style=\"height:100px\" aria-hidden=\"true\" class=\"wp-block-spacer\"><\/div>\n<\/div>\n\n\n\t        <div  class=\"two-columns-full-image grid_image\">\n\n\n\t    \n\t    \t    \n                    <div class=\"grid_image__col two-columns-full-image__col\">\n                                    <img decoding=\"async\" src=\"https:\/\/www.meplan.com\/wp-content\/uploads\/2023\/03\/Woodi-IAA-2021-Halle-B5-\u00a9-Sebastian-Weidenbach-WEB-005-960x498.jpg\" alt=\"image description\">\n                                            <\/div>\n                    <div class=\"grid_image__col two-columns-full-image__col\">\n                                    <img decoding=\"async\" src=\"https:\/\/www.meplan.com\/wp-content\/uploads\/2023\/03\/Woodi-IAA-2021-Halle-B5-\u00a9-Sebastian-Weidenbach-WEB-003-960x498.jpg\" alt=\"image description\">\n                                            <\/div>\n            <\/div>\n\n\n<div  class=\"team\">\n            <div class=\"news__heading\">\n            <div class=\"container\">\n                <h4>Pers\u00f6nlich f\u00fcr Sie da<\/h4>\n            <\/div>\n        <\/div>\n        <div class=\"container\">\n                            <ul class=\"list_team team_columns_2\">\n                                    <li>\n                        <div class=\"team_item \">\n                    \n        <img loading=\"lazy\" decoding=\"async\" src=\"https:\/\/www.meplan.com\/wp-content\/uploads\/Sebastian_Hoppe_1-e1736864410155.webp\" width=\"272\" height=\"344\" \/>        \n        \n        <img decoding=\"async\" src=\"https:\/\/www.meplan.com\/wp-content\/uploads\/Sebastian_Hoppe-_2-e1736864328766.webp\" class=\"hoverimg\" \/>\n\n\n        \n        <div class=\"team_item__body\">\n        <h3 class=\"team_item__name\">Sebastian Hoppe<\/h3>                    <h4 class=\"team_item__position\">\n                <span style=\"background-color: #FF6872; box-shadow: 0.1em 0 0 #FF6872, -0.1em 0 0 #FF6872;\">Key Account Manager<\/span>\n            <\/h4>\n                            <\/div>\n<\/div>\n\n<style>\n.hoverimg{\n\topacity: 0;\n    position: absolute;\n    top: 0;\n    left: 0;\n    height: 100%;\n}\t\n.team_item.hover .hoverimg{\n\topacity: 1;\n}\n<\/style>                    <\/li>\n                            <\/ul>\n                    <\/div>\n<\/div>\n\n\n\n\n\n\t    \t        <div class=\"testimonials__heading\">\n\t            <div class=\"container\">\n\t                <h4>Das k\u00f6nnte Sie auch interessieren:<\/h4>\n\t            <\/div>\n\t        <\/div>\n\t        <div  class=\"two-columns-full-image grid_image\">\n\n\n\t    \n\t    \t    \n                    <div class=\"grid_image__col two-columns-full-image__col\">\n                                    <img decoding=\"async\" src=\"https:\/\/www.meplan.com\/wp-content\/uploads\/2021\/09\/meplan-virtueller-Markenraum-Digital-Twin-960x662px-960x498.jpg\" alt=\"meplan Digitale L\u00f6sungen Messestand\">\n                                                    <a class=\"grid_image__text\" href=\"https:\/\/www.meplan.com\/digitale-loesung\/\" target=\"\">\n                                                    <h3><span style=\"background-color: #00D7FF; box-shadow: 0.1em 0 0 #00D7FF, -0.1em 0 0 #00D7FF;\">Digitale<br \/>\r\nL\u00f6sung<\/span><\/h3>\n                                                                            <div class=\"grid_image__hold\">\n                                <div class=\"grid_image__body\">\n                                                                            <div class=\"two-columns-full-image__text\">\n                                            <p>Wir unterst\u00fctzen Sie mit wegweisenden Konzepten, hybriden und virtuellen Messe-L\u00f6sungen.<\/p>\n                                        <\/div>\n                                                                        <span class=\"link\">\n                                        <span class=\"arrow_horizontal\"><span class=\"icon-link-arrow-large-next\"><\/span><\/span>\n                                    <\/span>\n                                <\/div>\n                            <\/div>\n                                            <\/a>\n                            <\/div>\n                    <div class=\"grid_image__col two-columns-full-image__col\">\n                                    <img decoding=\"async\" src=\"https:\/\/www.meplan.com\/wp-content\/uploads\/2021\/08\/Nachaltige_Standsysteme_Closeup_960x498-960x498.jpg\" alt=\"meplan nachhaltiger Messebau Messestand\">\n                                                    <a class=\"grid_image__text\" href=\"https:\/\/www.meplan.com\/nachhaltigkeit\/\" target=\"\">\n                                                    <h3><span style=\"background-color: #B9E457; box-shadow: 0.1em 0 0 #B9E457, -0.1em 0 0 #B9E457;\">Nachhaltigkeit<\/span><\/h3>\n                                                                            <div class=\"grid_image__hold\">\n                                <div class=\"grid_image__body\">\n                                                                            <div class=\"two-columns-full-image__text\">\n                                            <p>Wir sind Ihr Partner f\u00fcr ressourcenschonende und CO\u2082-neutrale Messeauftritte und erf\u00fcllen h\u00f6chste ESG-Kriterien.<\/p>\n                                        <\/div>\n                                                                        <span class=\"link\">\n                                        <span class=\"arrow_horizontal\"><span class=\"icon-link-arrow-large-next\"><\/span><\/span>\n                                    <\/span>\n                                <\/div>\n                            <\/div>\n                                            <\/a>\n                            <\/div>\n            <\/div>\n","protected":false},"excerpt":{"rendered":"<p>Sustainable trade fair? Yes, we can! At meplan, we understand sustainability as our core responsibility in all our work processes. We always ask ourselves what impact our products and services have along the entire value chain &#8211; from the resources required, through production, the entire use phase including logistics and warehousing, to the after-use phase. [&hellip;]<\/p>\n","protected":false},"author":2,"featured_media":0,"parent":1013,"menu_order":0,"comment_status":"closed","ping_status":"closed","template":"","meta":{"_acf_changed":false,"footnotes":""},"class_list":["post-9532","page","type-page","status-publish","hentry"],"acf":[],"yoast_head":"<!-- This site is optimized with the Yoast SEO plugin v27.5 - https:\/\/yoast.com\/product\/yoast-seo-wordpress\/ -->\n<title>meplan-woodii | System Messestand | meplan<\/title>\n<meta name=\"description\" content=\"Nachhaltiger Messestand: WOOD\u00ef ist die Antwort f\u00fcr ein nachhaltiges Messestandsystem. Schnell verf\u00fcgbar und kosteng\u00fcnstig realisierbar.\" \/>\n<meta name=\"robots\" content=\"index, follow, max-snippet:-1, max-image-preview:large, max-video-preview:-1\" \/>\n<link rel=\"canonical\" href=\"https:\/\/www.meplan.com\/en\/nachhaltigkeit\/meplan-woodi\/\" \/>\n<meta property=\"og:locale\" content=\"en_US\" \/>\n<meta property=\"og:type\" content=\"article\" \/>\n<meta property=\"og:title\" content=\"meplan-woodii | System Messestand | meplan\" \/>\n<meta property=\"og:description\" content=\"Nachhaltiger Messestand: WOOD\u00ef ist die Antwort f\u00fcr ein nachhaltiges Messestandsystem. Schnell verf\u00fcgbar und kosteng\u00fcnstig realisierbar.\" \/>\n<meta property=\"og:url\" content=\"https:\/\/www.meplan.com\/en\/nachhaltigkeit\/meplan-woodi\/\" \/>\n<meta property=\"og:site_name\" content=\"MEPLAN\" \/>\n<meta property=\"article:modified_time\" content=\"2023-04-28T10:31:22+00:00\" \/>\n<meta property=\"og:image\" content=\"https:\/\/www.meplan.com\/wp-content\/uploads\/2023\/03\/JB82692-scaled.jpg\" \/>\n<meta name=\"twitter:card\" content=\"summary_large_image\" \/>\n<meta name=\"twitter:label1\" content=\"Est. reading time\" \/>\n\t<meta name=\"twitter:data1\" content=\"1 minute\" \/>\n<script type=\"application\/ld+json\" class=\"yoast-schema-graph\">{\"@context\":\"https:\\\/\\\/schema.org\",\"@graph\":[{\"@type\":\"WebPage\",\"@id\":\"https:\\\/\\\/www.meplan.com\\\/en\\\/nachhaltigkeit\\\/meplan-woodi\\\/\",\"url\":\"https:\\\/\\\/www.meplan.com\\\/en\\\/nachhaltigkeit\\\/meplan-woodi\\\/\",\"name\":\"meplan-woodii | System Messestand | meplan\",\"isPartOf\":{\"@id\":\"https:\\\/\\\/www.meplan.com\\\/#website\"},\"primaryImageOfPage\":{\"@id\":\"https:\\\/\\\/www.meplan.com\\\/en\\\/nachhaltigkeit\\\/meplan-woodi\\\/#primaryimage\"},\"image\":{\"@id\":\"https:\\\/\\\/www.meplan.com\\\/en\\\/nachhaltigkeit\\\/meplan-woodi\\\/#primaryimage\"},\"thumbnailUrl\":\"https:\\\/\\\/www.meplan.com\\\/wp-content\\\/uploads\\\/2023\\\/03\\\/JB82692-scaled.jpg\",\"datePublished\":\"2023-04-28T10:24:26+00:00\",\"dateModified\":\"2023-04-28T10:31:22+00:00\",\"description\":\"Nachhaltiger Messestand: WOOD\u00ef ist die Antwort f\u00fcr ein nachhaltiges Messestandsystem. Schnell verf\u00fcgbar und kosteng\u00fcnstig realisierbar.\",\"breadcrumb\":{\"@id\":\"https:\\\/\\\/www.meplan.com\\\/en\\\/nachhaltigkeit\\\/meplan-woodi\\\/#breadcrumb\"},\"inLanguage\":\"en-US\",\"potentialAction\":[{\"@type\":\"ReadAction\",\"target\":[\"https:\\\/\\\/www.meplan.com\\\/en\\\/nachhaltigkeit\\\/meplan-woodi\\\/\"]}]},{\"@type\":\"ImageObject\",\"inLanguage\":\"en-US\",\"@id\":\"https:\\\/\\\/www.meplan.com\\\/en\\\/nachhaltigkeit\\\/meplan-woodi\\\/#primaryimage\",\"url\":\"https:\\\/\\\/www.meplan.com\\\/wp-content\\\/uploads\\\/2023\\\/03\\\/JB82692-scaled.jpg\",\"contentUrl\":\"https:\\\/\\\/www.meplan.com\\\/wp-content\\\/uploads\\\/2023\\\/03\\\/JB82692-scaled.jpg\"},{\"@type\":\"BreadcrumbList\",\"@id\":\"https:\\\/\\\/www.meplan.com\\\/en\\\/nachhaltigkeit\\\/meplan-woodi\\\/#breadcrumb\",\"itemListElement\":[{\"@type\":\"ListItem\",\"position\":1,\"name\":\"Home\",\"item\":\"https:\\\/\\\/www.meplan.com\\\/en\\\/\"},{\"@type\":\"ListItem\",\"position\":2,\"name\":\"Nachhaltigkeit\",\"item\":\"https:\\\/\\\/www.meplan.com\\\/nachhaltigkeit\\\/\"},{\"@type\":\"ListItem\",\"position\":3,\"name\":\"meplan WOOD\u00ef\"}]},{\"@type\":\"WebSite\",\"@id\":\"https:\\\/\\\/www.meplan.com\\\/#website\",\"url\":\"https:\\\/\\\/www.meplan.com\\\/\",\"name\":\"MEPLAN\",\"description\":\"\",\"potentialAction\":[{\"@type\":\"SearchAction\",\"target\":{\"@type\":\"EntryPoint\",\"urlTemplate\":\"https:\\\/\\\/www.meplan.com\\\/?s={search_term_string}\"},\"query-input\":{\"@type\":\"PropertyValueSpecification\",\"valueRequired\":true,\"valueName\":\"search_term_string\"}}],\"inLanguage\":\"en-US\"}]}<\/script>\n<!-- \/ Yoast SEO plugin. -->","yoast_head_json":{"title":"meplan-woodii | System Messestand | meplan","description":"Nachhaltiger Messestand: WOOD\u00ef ist die Antwort f\u00fcr ein nachhaltiges Messestandsystem. Schnell verf\u00fcgbar und kosteng\u00fcnstig realisierbar.","robots":{"index":"index","follow":"follow","max-snippet":"max-snippet:-1","max-image-preview":"max-image-preview:large","max-video-preview":"max-video-preview:-1"},"canonical":"https:\/\/www.meplan.com\/en\/nachhaltigkeit\/meplan-woodi\/","og_locale":"en_US","og_type":"article","og_title":"meplan-woodii | System Messestand | meplan","og_description":"Nachhaltiger Messestand: WOOD\u00ef ist die Antwort f\u00fcr ein nachhaltiges Messestandsystem. Schnell verf\u00fcgbar und kosteng\u00fcnstig realisierbar.","og_url":"https:\/\/www.meplan.com\/en\/nachhaltigkeit\/meplan-woodi\/","og_site_name":"MEPLAN","article_modified_time":"2023-04-28T10:31:22+00:00","og_image":[{"url":"https:\/\/www.meplan.com\/wp-content\/uploads\/2023\/03\/JB82692-scaled.jpg","type":"","width":"","height":""}],"twitter_card":"summary_large_image","twitter_misc":{"Est. reading time":"1 minute"},"schema":{"@context":"https:\/\/schema.org","@graph":[{"@type":"WebPage","@id":"https:\/\/www.meplan.com\/en\/nachhaltigkeit\/meplan-woodi\/","url":"https:\/\/www.meplan.com\/en\/nachhaltigkeit\/meplan-woodi\/","name":"meplan-woodii | System Messestand | meplan","isPartOf":{"@id":"https:\/\/www.meplan.com\/#website"},"primaryImageOfPage":{"@id":"https:\/\/www.meplan.com\/en\/nachhaltigkeit\/meplan-woodi\/#primaryimage"},"image":{"@id":"https:\/\/www.meplan.com\/en\/nachhaltigkeit\/meplan-woodi\/#primaryimage"},"thumbnailUrl":"https:\/\/www.meplan.com\/wp-content\/uploads\/2023\/03\/JB82692-scaled.jpg","datePublished":"2023-04-28T10:24:26+00:00","dateModified":"2023-04-28T10:31:22+00:00","description":"Nachhaltiger Messestand: WOOD\u00ef ist die Antwort f\u00fcr ein nachhaltiges Messestandsystem. Schnell verf\u00fcgbar und kosteng\u00fcnstig realisierbar.","breadcrumb":{"@id":"https:\/\/www.meplan.com\/en\/nachhaltigkeit\/meplan-woodi\/#breadcrumb"},"inLanguage":"en-US","potentialAction":[{"@type":"ReadAction","target":["https:\/\/www.meplan.com\/en\/nachhaltigkeit\/meplan-woodi\/"]}]},{"@type":"ImageObject","inLanguage":"en-US","@id":"https:\/\/www.meplan.com\/en\/nachhaltigkeit\/meplan-woodi\/#primaryimage","url":"https:\/\/www.meplan.com\/wp-content\/uploads\/2023\/03\/JB82692-scaled.jpg","contentUrl":"https:\/\/www.meplan.com\/wp-content\/uploads\/2023\/03\/JB82692-scaled.jpg"},{"@type":"BreadcrumbList","@id":"https:\/\/www.meplan.com\/en\/nachhaltigkeit\/meplan-woodi\/#breadcrumb","itemListElement":[{"@type":"ListItem","position":1,"name":"Home","item":"https:\/\/www.meplan.com\/en\/"},{"@type":"ListItem","position":2,"name":"Nachhaltigkeit","item":"https:\/\/www.meplan.com\/nachhaltigkeit\/"},{"@type":"ListItem","position":3,"name":"meplan WOOD\u00ef"}]},{"@type":"WebSite","@id":"https:\/\/www.meplan.com\/#website","url":"https:\/\/www.meplan.com\/","name":"MEPLAN","description":"","potentialAction":[{"@type":"SearchAction","target":{"@type":"EntryPoint","urlTemplate":"https:\/\/www.meplan.com\/?s={search_term_string}"},"query-input":{"@type":"PropertyValueSpecification","valueRequired":true,"valueName":"search_term_string"}}],"inLanguage":"en-US"}]}},"_links":{"self":[{"href":"https:\/\/www.meplan.com\/en\/wp-json\/wp\/v2\/pages\/9532","targetHints":{"allow":["GET"]}}],"collection":[{"href":"https:\/\/www.meplan.com\/en\/wp-json\/wp\/v2\/pages"}],"about":[{"href":"https:\/\/www.meplan.com\/en\/wp-json\/wp\/v2\/types\/page"}],"author":[{"embeddable":true,"href":"https:\/\/www.meplan.com\/en\/wp-json\/wp\/v2\/users\/2"}],"replies":[{"embeddable":true,"href":"https:\/\/www.meplan.com\/en\/wp-json\/wp\/v2\/comments?post=9532"}],"version-history":[{"count":18,"href":"https:\/\/www.meplan.com\/en\/wp-json\/wp\/v2\/pages\/9532\/revisions"}],"predecessor-version":[{"id":9558,"href":"https:\/\/www.meplan.com\/en\/wp-json\/wp\/v2\/pages\/9532\/revisions\/9558"}],"up":[{"embeddable":true,"href":"https:\/\/www.meplan.com\/en\/wp-json\/wp\/v2\/pages\/1013"}],"wp:attachment":[{"href":"https:\/\/www.meplan.com\/en\/wp-json\/wp\/v2\/media?parent=9532"}],"curies":[{"name":"wp","href":"https:\/\/api.w.org\/{rel}","templated":true}]}}